{"id":19128,"date":"2020-06-07T06:24:14","date_gmt":"2020-05-18T14:03:01","guid":{"rendered":"https:\/\/www.prachelle.com\/non%20class\u00e9\/versailles-golden-marble-capri-leggings-with-stripes\/"},"modified":"2020-05-18T16:03:01","modified_gmt":"2020-05-18T14:03:01","slug":"versailles-capri-marbre-dore-avec-bandes","status":"publish","type":"product","link":"https:\/\/www.prachelle.com\/fr\/capris-france\/versailles-capri-marbre-dore-avec-bandes\/","title":{"rendered":"Versailles | Capri Marbre Dor\u00e9 avec Bandes"},"content":{"rendered":"<p>Portez ce magnifique design dor\u00e9 exclusif des designers fran\u00e7ais de Prachelle sur nos capris fabriqu\u00e9s \u00e0 la main. Ce capri blanc, d\u00e9cor\u00e9 de marbrures d&rsquo;or et de bandes sportives dor\u00e9es, allie l&rsquo;art abstrait des couleurs de l&rsquo;or et le minimalisme du blanc avec la technicit\u00e9 de fabrication, vous garantissant un capri au tissu \u00e9tonnament doux au toucher et au confort incroyable. D\u00e9cor\u00e9e du logo Prachelle dor\u00e9, la ceinture montante est \u00e9lastique sans comprimer le ventre. Gr\u00e2ce \u00e0 son tissu \u00e0 s\u00e9chage rapide fait main avec un fil de microfibre doux, durable et confortable, il s&rsquo;\u00e9tire \u00e0 4 voies pour une \u00e9lasticit\u00e9 des couleurs pr\u00e9serv\u00e9. Un capri \u00e0 la fois beau et \u00e0 la technique d&rsquo;expert.<\/p>\n","protected":false},"excerpt":{"rendered":"<p>Portez ce magnifique design dor\u00e9 exclusif des designers fran\u00e7ais de Prachelle sur nos capris fabriqu\u00e9s \u00e0 la main.<\/p>\n","protected":false},"featured_media":19102,"comment_status":"open","ping_status":"closed","template":"","meta":{"_acf_changed":false,"inline_featured_image":false},"product_brand":[],"product_cat":[612],"product_tag":[644],"class_list":{"0":"post-19128","1":"product","2":"type-product","3":"status-publish","4":"has-post-thumbnail","6":"product_cat-capris-france","7":"product_tag-prachelle-fr","9":"first","10":"instock","11":"taxable","12":"shipping-taxable","13":"purchasable","14":"product-type-variable","15":"has-default-attributes"},"acf":[],"_links":{"self":[{"href":"https:\/\/www.prachelle.com\/fr\/wp-json\/wp\/v2\/product\/19128","targetHints":{"allow":["GET"]}}],"collection":[{"href":"https:\/\/www.prachelle.com\/fr\/wp-json\/wp\/v2\/product"}],"about":[{"href":"https:\/\/www.prachelle.com\/fr\/wp-json\/wp\/v2\/types\/product"}],"replies":[{"embeddable":true,"href":"https:\/\/www.prachelle.com\/fr\/wp-json\/wp\/v2\/comments?post=19128"}],"wp:featuredmedia":[{"embeddable":true,"href":"https:\/\/www.prachelle.com\/fr\/wp-json\/wp\/v2\/media\/19102"}],"wp:attachment":[{"href":"https:\/\/www.prachelle.com\/fr\/wp-json\/wp\/v2\/media?parent=19128"}],"wp:term":[{"taxonomy":"product_brand","embeddable":true,"href":"https:\/\/www.prachelle.com\/fr\/wp-json\/wp\/v2\/product_brand?post=19128"},{"taxonomy":"product_cat","embeddable":true,"href":"https:\/\/www.prachelle.com\/fr\/wp-json\/wp\/v2\/product_cat?post=19128"},{"taxonomy":"product_tag","embeddable":true,"href":"https:\/\/www.prachelle.com\/fr\/wp-json\/wp\/v2\/product_tag?post=19128"}],"curies":[{"name":"wp","href":"https:\/\/api.w.org\/{rel}","templated":true}]}}