{"id":15297,"date":"2020-05-03T16:05:01","date_gmt":"2020-05-18T06:15:34","guid":{"rendered":"https:\/\/www.prachelle.com\/non%20class\u00e9\/coquelicots-colorful-watercolor-capri-leggings\/"},"modified":"2020-05-18T08:15:34","modified_gmt":"2020-05-18T06:15:34","slug":"coquelicots-capri-colore-acquarelle","status":"publish","type":"product","link":"https:\/\/www.prachelle.com\/fr\/capris-france\/coquelicots-capri-colore-acquarelle\/","title":{"rendered":"Coquelicots | Capri Color\u00e9 Acquarelle"},"content":{"rendered":"<p>Portez ce magnifique design exclusif des designers fran\u00e7ais de Prachelle sur nos capris fabriqu\u00e9s \u00e0 la main. Ce capri blanc, d\u00e9cor\u00e9 de coquelicots acquarelles et de bandes sportives roses, allie l&rsquo;art des couleurs rouge et rose et le minimalisme du blanc avec la technicit\u00e9 de fabrication, vous garantissant un capri au tissu \u00e9tonnament doux au toucher et au confort incroyable. Gr\u00e2ce \u00e0 son tissu \u00e0 s\u00e9chage rapide fait main avec un fil de microfibre doux, durable et confortable, il s&rsquo;\u00e9tire \u00e0 4 voies pour une \u00e9lasticit\u00e9 des couleurs pr\u00e9serv\u00e9. Un capri \u00e0 la fois beau et \u00e0 la technique d&rsquo;expert.<\/p>\n","protected":false},"excerpt":{"rendered":"<p>Portez ce magnifique design exclusif des designers fran\u00e7ais de Prachelle sur nos capris fabriqu\u00e9s \u00e0 la main.<\/p>\n","protected":false},"featured_media":15271,"comment_status":"open","ping_status":"closed","template":"","meta":{"_acf_changed":false,"inline_featured_image":false},"product_brand":[],"product_cat":[612],"product_tag":[644],"class_list":{"0":"post-15297","1":"product","2":"type-product","3":"status-publish","4":"has-post-thumbnail","6":"product_cat-capris-france","7":"product_tag-prachelle-fr","9":"first","10":"instock","11":"taxable","12":"shipping-taxable","13":"purchasable","14":"product-type-variable","15":"has-default-attributes"},"acf":[],"_links":{"self":[{"href":"https:\/\/www.prachelle.com\/fr\/wp-json\/wp\/v2\/product\/15297","targetHints":{"allow":["GET"]}}],"collection":[{"href":"https:\/\/www.prachelle.com\/fr\/wp-json\/wp\/v2\/product"}],"about":[{"href":"https:\/\/www.prachelle.com\/fr\/wp-json\/wp\/v2\/types\/product"}],"replies":[{"embeddable":true,"href":"https:\/\/www.prachelle.com\/fr\/wp-json\/wp\/v2\/comments?post=15297"}],"wp:featuredmedia":[{"embeddable":true,"href":"https:\/\/www.prachelle.com\/fr\/wp-json\/wp\/v2\/media\/15271"}],"wp:attachment":[{"href":"https:\/\/www.prachelle.com\/fr\/wp-json\/wp\/v2\/media?parent=15297"}],"wp:term":[{"taxonomy":"product_brand","embeddable":true,"href":"https:\/\/www.prachelle.com\/fr\/wp-json\/wp\/v2\/product_brand?post=15297"},{"taxonomy":"product_cat","embeddable":true,"href":"https:\/\/www.prachelle.com\/fr\/wp-json\/wp\/v2\/product_cat?post=15297"},{"taxonomy":"product_tag","embeddable":true,"href":"https:\/\/www.prachelle.com\/fr\/wp-json\/wp\/v2\/product_tag?post=15297"}],"curies":[{"name":"wp","href":"https:\/\/api.w.org\/{rel}","templated":true}]}}