{"id":13022,"date":"2020-05-17T14:19:36","date_gmt":"2020-06-06T03:17:27","guid":{"rendered":"https:\/\/www.prachelle.com\/non%20class\u00e9\/french-touch-white-sideband-capri-leggings\/"},"modified":"2020-06-06T05:17:27","modified_gmt":"2020-06-06T03:17:27","slug":"french-touch-capri-blanc-avec-bandes-laterales","status":"publish","type":"product","link":"https:\/\/www.prachelle.com\/fr\/capris-france\/french-touch-capri-blanc-avec-bandes-laterales\/","title":{"rendered":"French Touch | Capri Blanc avec bandes lat\u00e9rales"},"content":{"rendered":"<p>Abordez avec classe et minimalisme les couleurs de la France avec la bande aux couleurs du drapeau fran\u00e7ais courant le long de ce capris blanc \u00e0 taille haute, o\u00f9 le fond blanc est d\u00e9cor\u00e9 de motifs discrets royaux. Ce capri blanc \u00e0 taille haute sera parfait pour toutes vos s\u00e9ances de sport, gr\u00e2ce \u00e0 son confort incroyable que vous sentirez d\u00e8s que vous le porterez. Parfaitement \u00e9lastique et doux, le tissu en microfibre durable utilis\u00e9 lors de sa fabrication \u00e0 la main vous fera adorer porter ce capri, en plus d&rsquo;une super \u00e9lasticit\u00e9 en 4 directions et d&rsquo;encres non toxiques qui dureront tr\u00e8s longtemps.<\/p>\n","protected":false},"excerpt":{"rendered":"<p>Abordez avec classe et minimalisme les couleurs de la France avec la bande aux couleurs du drapeau fran\u00e7ais courant le long de ce capris blanc \u00e0 taille haute, o\u00f9 le fond blanc est d\u00e9cor\u00e9 de motifs discrets royaux.<\/p>\n","protected":false},"featured_media":14324,"comment_status":"open","ping_status":"closed","template":"","meta":{"_acf_changed":false,"inline_featured_image":false},"product_brand":[],"product_cat":[612],"product_tag":[644],"class_list":{"0":"post-13022","1":"product","2":"type-product","3":"status-publish","4":"has-post-thumbnail","6":"product_cat-capris-france","7":"product_tag-prachelle-fr","9":"first","10":"instock","11":"taxable","12":"shipping-taxable","13":"purchasable","14":"product-type-variable","15":"has-default-attributes"},"acf":[],"_links":{"self":[{"href":"https:\/\/www.prachelle.com\/fr\/wp-json\/wp\/v2\/product\/13022","targetHints":{"allow":["GET"]}}],"collection":[{"href":"https:\/\/www.prachelle.com\/fr\/wp-json\/wp\/v2\/product"}],"about":[{"href":"https:\/\/www.prachelle.com\/fr\/wp-json\/wp\/v2\/types\/product"}],"replies":[{"embeddable":true,"href":"https:\/\/www.prachelle.com\/fr\/wp-json\/wp\/v2\/comments?post=13022"}],"wp:featuredmedia":[{"embeddable":true,"href":"https:\/\/www.prachelle.com\/fr\/wp-json\/wp\/v2\/media\/14324"}],"wp:attachment":[{"href":"https:\/\/www.prachelle.com\/fr\/wp-json\/wp\/v2\/media?parent=13022"}],"wp:term":[{"taxonomy":"product_brand","embeddable":true,"href":"https:\/\/www.prachelle.com\/fr\/wp-json\/wp\/v2\/product_brand?post=13022"},{"taxonomy":"product_cat","embeddable":true,"href":"https:\/\/www.prachelle.com\/fr\/wp-json\/wp\/v2\/product_cat?post=13022"},{"taxonomy":"product_tag","embeddable":true,"href":"https:\/\/www.prachelle.com\/fr\/wp-json\/wp\/v2\/product_tag?post=13022"}],"curies":[{"name":"wp","href":"https:\/\/api.w.org\/{rel}","templated":true}]}}