{"id":12789,"date":"2020-05-28T18:26:49","date_gmt":"2020-05-09T20:07:28","guid":{"rendered":"https:\/\/www.prachelle.com\/non%20class\u00e9\/stardust-colorful-capri-leggings\/"},"modified":"2020-05-09T22:07:28","modified_gmt":"2020-05-09T20:07:28","slug":"stardust-capri-colore","status":"publish","type":"product","link":"https:\/\/www.prachelle.com\/fr\/capris-france\/stardust-capri-colore\/","title":{"rendered":"Stardust | Capri color\u00e9"},"content":{"rendered":"<p>Avec un fond d\u00e9grad\u00e9 de bleu clair et une base en poussi\u00e8re d&rsquo;\u00e9toiles, le tout d\u00e9cor\u00e9 de plusieurs bandes noires, vous serez envi\u00e9e par ce magnifique capri \u00e0 taille haute Prachelle, o\u00f9 style et confort ultime sont associ\u00e9s pour vous proposer un capri \u00e0 la fois styl\u00e9 et technique. Gr\u00e2ce \u00e0 une fabrication \u00e9thique \u00e0 la main, une attention aux d\u00e9tails de fabrication (tissu \u00e0 s\u00e9chage rapide, coutures plates, protection solaire, fil de microfibre doux) vous permet de ressentir un confort incroyable d\u00e8s que vous metterez le capri, id\u00e9al pour vos workouts, sorties en v\u00e9lo, randonn\u00e9es, zumba ou HIIT.<\/p>\n","protected":false},"excerpt":{"rendered":"<p>Avec un fond d\u00e9grad\u00e9 de bleu clair et une base en poussi\u00e8re d&rsquo;\u00e9toiles, le tout d\u00e9cor\u00e9 de plusieurs bandes noires, vous serez envi\u00e9e par ce magnifique capri \u00e0 taille haute Prachelle, o\u00f9 style et confort ultime sont associ\u00e9s pour vous proposer un capri \u00e0 la fois styl\u00e9 et technique.<\/p>\n","protected":false},"featured_media":14294,"comment_status":"open","ping_status":"closed","template":"","meta":{"_acf_changed":false,"inline_featured_image":false},"product_brand":[],"product_cat":[612],"product_tag":[644],"class_list":{"0":"post-12789","1":"product","2":"type-product","3":"status-publish","4":"has-post-thumbnail","6":"product_cat-capris-france","7":"product_tag-prachelle-fr","9":"first","10":"instock","11":"taxable","12":"shipping-taxable","13":"purchasable","14":"product-type-variable","15":"has-default-attributes"},"acf":[],"_links":{"self":[{"href":"https:\/\/www.prachelle.com\/fr\/wp-json\/wp\/v2\/product\/12789","targetHints":{"allow":["GET"]}}],"collection":[{"href":"https:\/\/www.prachelle.com\/fr\/wp-json\/wp\/v2\/product"}],"about":[{"href":"https:\/\/www.prachelle.com\/fr\/wp-json\/wp\/v2\/types\/product"}],"replies":[{"embeddable":true,"href":"https:\/\/www.prachelle.com\/fr\/wp-json\/wp\/v2\/comments?post=12789"}],"wp:featuredmedia":[{"embeddable":true,"href":"https:\/\/www.prachelle.com\/fr\/wp-json\/wp\/v2\/media\/14294"}],"wp:attachment":[{"href":"https:\/\/www.prachelle.com\/fr\/wp-json\/wp\/v2\/media?parent=12789"}],"wp:term":[{"taxonomy":"product_brand","embeddable":true,"href":"https:\/\/www.prachelle.com\/fr\/wp-json\/wp\/v2\/product_brand?post=12789"},{"taxonomy":"product_cat","embeddable":true,"href":"https:\/\/www.prachelle.com\/fr\/wp-json\/wp\/v2\/product_cat?post=12789"},{"taxonomy":"product_tag","embeddable":true,"href":"https:\/\/www.prachelle.com\/fr\/wp-json\/wp\/v2\/product_tag?post=12789"}],"curies":[{"name":"wp","href":"https:\/\/api.w.org\/{rel}","templated":true}]}}