{"id":12556,"date":"2020-05-01T19:35:40","date_gmt":"2020-05-03T17:53:17","guid":{"rendered":"https:\/\/www.prachelle.com\/non%20class\u00e9\/blue-lines-black-capri-leggings\/"},"modified":"2020-05-03T19:53:17","modified_gmt":"2020-05-03T17:53:17","slug":"blue-lines-capri-noir-geometrique","status":"publish","type":"product","link":"https:\/\/www.prachelle.com\/fr\/capris-france\/blue-lines-capri-noir-geometrique\/","title":{"rendered":"Blue Lines | Capri Noir G\u00e9om\u00e9trique"},"content":{"rendered":"<p>Montrez \u00e0 quel point vous \u00eates rapide en utilisant les innombrables lignes bleut\u00e9es de ce capri noir \u00e0 taille haute Prachelle, o\u00f9 ces lignes se m\u00ealent avec le mouvement de vos jambes lors de vos exercices. Id\u00e9al pour le HIIT, la course, le v\u00e9lo ou la gym, ce capri g\u00e9om\u00e9trique propose un confort incroyable quand vous le portez, gr\u00e2ce \u00e0 sa fabrication \u00e0 la main avec un fil de microfibre doux et durable et une attention sur les d\u00e9tails de fabrication (tels que des coutures plates avec point de recouvrement, ou encore un gousset triangulaire \u00e0 l&rsquo;entrejambe) qui font de ce capri votre alli\u00e9 de style pour longtemps.<\/p>\n","protected":false},"excerpt":{"rendered":"<p>Montrez \u00e0 quel point vous \u00eates rapide en utilisant les innombrables lignes bleut\u00e9es de ce capri noir \u00e0 taille haute Prachelle, o\u00f9 ces lignes se m\u00ealent avec le mouvement de vos jambes lors de vos exercices.<\/p>\n","protected":false},"featured_media":14157,"comment_status":"open","ping_status":"closed","template":"","meta":{"_acf_changed":false,"inline_featured_image":false},"product_brand":[],"product_cat":[612],"product_tag":[644],"class_list":{"0":"post-12556","1":"product","2":"type-product","3":"status-publish","4":"has-post-thumbnail","6":"product_cat-capris-france","7":"product_tag-prachelle-fr","9":"first","10":"instock","11":"taxable","12":"shipping-taxable","13":"purchasable","14":"product-type-variable","15":"has-default-attributes"},"acf":[],"_links":{"self":[{"href":"https:\/\/www.prachelle.com\/fr\/wp-json\/wp\/v2\/product\/12556","targetHints":{"allow":["GET"]}}],"collection":[{"href":"https:\/\/www.prachelle.com\/fr\/wp-json\/wp\/v2\/product"}],"about":[{"href":"https:\/\/www.prachelle.com\/fr\/wp-json\/wp\/v2\/types\/product"}],"replies":[{"embeddable":true,"href":"https:\/\/www.prachelle.com\/fr\/wp-json\/wp\/v2\/comments?post=12556"}],"wp:featuredmedia":[{"embeddable":true,"href":"https:\/\/www.prachelle.com\/fr\/wp-json\/wp\/v2\/media\/14157"}],"wp:attachment":[{"href":"https:\/\/www.prachelle.com\/fr\/wp-json\/wp\/v2\/media?parent=12556"}],"wp:term":[{"taxonomy":"product_brand","embeddable":true,"href":"https:\/\/www.prachelle.com\/fr\/wp-json\/wp\/v2\/product_brand?post=12556"},{"taxonomy":"product_cat","embeddable":true,"href":"https:\/\/www.prachelle.com\/fr\/wp-json\/wp\/v2\/product_cat?post=12556"},{"taxonomy":"product_tag","embeddable":true,"href":"https:\/\/www.prachelle.com\/fr\/wp-json\/wp\/v2\/product_tag?post=12556"}],"curies":[{"name":"wp","href":"https:\/\/api.w.org\/{rel}","templated":true}]}}